{"id":1744,"date":"2024-05-16T17:06:11","date_gmt":"2024-05-16T15:06:11","guid":{"rendered":"https:\/\/echosoil.eu\/?page_id=1744"},"modified":"2024-05-17T13:22:54","modified_gmt":"2024-05-17T11:22:54","slug":"advisory-board","status":"publish","type":"page","link":"https:\/\/echosoil.eu\/hu\/advisory-board","title":{"rendered":"Tan\u00e1csad\u00f3 Test\u00fclet"},"content":{"rendered":"<div data-elementor-type=\"wp-page\" data-elementor-id=\"1744\" class=\"elementor elementor-1744\" data-elementor-post-type=\"page\">\n\t\t\t\t<div class=\"elementor-element elementor-element-1e8539e e-flex e-con-boxed e-con e-parent\" data-id=\"1e8539e\" data-element_type=\"container\" data-e-type=\"container\" data-settings=\"{&quot;background_background&quot;:&quot;classic&quot;}\">\n\t\t\t\t\t<div class=\"e-con-inner\">\n\t\t\t\t<div class=\"elementor-element elementor-element-b0854db elementor-widget elementor-widget-heading\" data-id=\"b0854db\" data-element_type=\"widget\" data-e-type=\"widget\" data-widget_type=\"heading.default\">\n\t\t\t\t<div class=\"elementor-widget-container\">\n\t\t\t\t\t<h2 class=\"elementor-heading-title elementor-size-default\">Tan\u00e1csad\u00f3 Test\u00fclet<\/h2>\t\t\t\t<\/div>\n\t\t\t\t<\/div>\n\t\t\t\t<div class=\"elementor-element elementor-element-92d2fd1 elementor-widget elementor-widget-text-editor\" data-id=\"92d2fd1\" data-element_type=\"widget\" data-e-type=\"widget\" data-widget_type=\"text-editor.default\">\n\t\t\t\t<div class=\"elementor-widget-container\">\n\t\t\t\t\t\t\t\t\t<p>Ismerje meg a Talajeg\u00e9szs\u00e9g Tan\u00e1csad\u00f3 Test\u00fclet\u00e9t.<\/p>\t\t\t\t\t\t\t\t<\/div>\n\t\t\t\t<\/div>\n\t\t\t\t\t<\/div>\n\t\t\t\t<\/div>\n\t\t<div class=\"elementor-element elementor-element-715d80a1 e-con-full e-flex e-con e-parent\" data-id=\"715d80a1\" data-element_type=\"container\" data-e-type=\"container\" data-settings=\"{&quot;background_background&quot;:&quot;classic&quot;}\">\n\t\t<div class=\"elementor-element elementor-element-3e64d47e e-con-full e-flex e-con e-child\" data-id=\"3e64d47e\" data-element_type=\"container\" data-e-type=\"container\">\n\t\t\t\t<div class=\"elementor-element elementor-element-664d4a61 elementor-widget elementor-widget-heading\" data-id=\"664d4a61\" data-element_type=\"widget\" data-e-type=\"widget\" data-widget_type=\"heading.default\">\n\t\t\t\t<div class=\"elementor-widget-container\">\n\t\t\t\t\t<h2 class=\"elementor-heading-title elementor-size-default\">Meike Hollnaicher<\/h2>\t\t\t\t<\/div>\n\t\t\t\t<\/div>\n\t\t\t\t<div class=\"elementor-element elementor-element-7103151d elementor-widget elementor-widget-text-editor\" data-id=\"7103151d\" data-element_type=\"widget\" data-e-type=\"widget\" data-widget_type=\"text-editor.default\">\n\t\t\t\t<div class=\"elementor-widget-container\">\n\t\t\t\t\t\t\t\t\t<p>Meike Hollnaicher \u00f6ko-szoci\u00e1lis tervez\u0151 (MA), aki egy kis gazdas\u00e1gban n\u0151tt fel. P\u00e1lyafut\u00e1s\u00e1t kezdetben a kommunik\u00e1ci\u00f3 \u00e9s a design ter\u00fclet\u00e9n kezdte, k\u00f6zint\u00e9zm\u00e9nyekkel \u00e9s k\u00fcl\u00f6nb\u00f6z\u0151 m\u00e1rk\u00e1kkal dolgozva, majd visszat\u00e9rt gy\u00f6kereihez, \u00e9s jelenleg a mez\u0151gazdas\u00e1g kl\u00edmav\u00e1ls\u00e1gban rejl\u0151 lehet\u0151s\u00e9geire \u00f6sszpontos\u00edt.<\/p><p>Mesterk\u00e9pz\u00e9si diplomamunk\u00e1ja r\u00e9szek\u00e9nt \u2013 amelyet summa cum laude min\u0151s\u00edt\u00e9ssel fejezett be a Bolzano\u2013Bozeni Szabadegyetemen 2020 november\u00e9ben \u2013 megalap\u00edtotta a Farmfluencers of South Tyrol projektet. Ezt k\u00f6vet\u0151en \u00e1tvette egy, a k\u00f6zvetlen mez\u0151gazdas\u00e1gi \u00e9rt\u00e9kes\u00edt\u00e9s t\u00e9m\u00e1j\u00e1val foglalkoz\u00f3 bolzan\u00f3i szakki\u00e1ll\u00edt\u00e1s projektmenedzsmentj\u00e9t.<\/p><p>Ma szabad\u00fasz\u00f3 grafikai tervez\u0151k\u00e9nt \u00e9s tartalomk\u00e9sz\u00edt\u0151k\u00e9nt dolgozik, \u00e9s sz\u00e1mos projektben vesz r\u00e9szt a fenntarthat\u00f3s\u00e1g \u00e9s a mez\u0151gazdas\u00e1g ter\u00fclet\u00e9n.<\/p>\t\t\t\t\t\t\t\t<\/div>\n\t\t\t\t<\/div>\n\t\t\t\t<\/div>\n\t\t\t\t<div class=\"elementor-element elementor-element-6644f518 elementor-widget__width-initial elementor-widget-tablet__width-inherit elementor-widget elementor-widget-image\" data-id=\"6644f518\" data-element_type=\"widget\" data-e-type=\"widget\" data-widget_type=\"image.default\">\n\t\t\t\t<div class=\"elementor-widget-container\">\n\t\t\t\t\t\t\t\t\t\t\t\t\t\t\t<img fetchpriority=\"high\" decoding=\"async\" width=\"1600\" height=\"1067\" src=\"https:\/\/echosoil.eu\/wp-content\/uploads\/2024\/05\/Meike-Hollnaicher.jpeg\" class=\"attachment-2048x2048 size-2048x2048 wp-image-1761\" alt=\"\" srcset=\"https:\/\/echosoil.eu\/wp-content\/uploads\/2024\/05\/Meike-Hollnaicher.jpeg 1600w, https:\/\/echosoil.eu\/wp-content\/uploads\/2024\/05\/Meike-Hollnaicher-300x200.jpeg 300w, https:\/\/echosoil.eu\/wp-content\/uploads\/2024\/05\/Meike-Hollnaicher-1024x683.jpeg 1024w, https:\/\/echosoil.eu\/wp-content\/uploads\/2024\/05\/Meike-Hollnaicher-768x512.jpeg 768w, https:\/\/echosoil.eu\/wp-content\/uploads\/2024\/05\/Meike-Hollnaicher-1536x1024.jpeg 1536w, https:\/\/echosoil.eu\/wp-content\/uploads\/2024\/05\/Meike-Hollnaicher-18x12.jpeg 18w\" sizes=\"(max-width: 1600px) 100vw, 1600px\" \/>\t\t\t\t\t\t\t\t\t\t\t\t\t\t\t<\/div>\n\t\t\t\t<\/div>\n\t\t\t\t<\/div>\n\t\t<div class=\"elementor-element elementor-element-df62b96 e-con-full e-flex e-con e-parent\" data-id=\"df62b96\" data-element_type=\"container\" data-e-type=\"container\" data-settings=\"{&quot;background_background&quot;:&quot;classic&quot;}\">\n\t\t\t\t<div class=\"elementor-element elementor-element-a1fc285 elementor-widget__width-initial elementor-widget-tablet__width-inherit elementor-widget elementor-widget-image\" data-id=\"a1fc285\" data-element_type=\"widget\" data-e-type=\"widget\" data-widget_type=\"image.default\">\n\t\t\t\t<div class=\"elementor-widget-container\">\n\t\t\t\t\t\t\t\t\t\t\t\t\t\t\t<img decoding=\"async\" width=\"1536\" height=\"1067\" src=\"https:\/\/echosoil.eu\/wp-content\/uploads\/2024\/05\/Arwyn-Jones.jpg\" class=\"attachment-2048x2048 size-2048x2048 wp-image-1767\" alt=\"\" srcset=\"https:\/\/echosoil.eu\/wp-content\/uploads\/2024\/05\/Arwyn-Jones.jpg 1536w, https:\/\/echosoil.eu\/wp-content\/uploads\/2024\/05\/Arwyn-Jones-300x208.jpg 300w, https:\/\/echosoil.eu\/wp-content\/uploads\/2024\/05\/Arwyn-Jones-1024x711.jpg 1024w, https:\/\/echosoil.eu\/wp-content\/uploads\/2024\/05\/Arwyn-Jones-768x534.jpg 768w, https:\/\/echosoil.eu\/wp-content\/uploads\/2024\/05\/Arwyn-Jones-18x12.jpg 18w\" sizes=\"(max-width: 1536px) 100vw, 1536px\" \/>\t\t\t\t\t\t\t\t\t\t\t\t\t\t\t<\/div>\n\t\t\t\t<\/div>\n\t\t<div class=\"elementor-element elementor-element-5c93e24 e-con-full e-flex e-con e-child\" data-id=\"5c93e24\" data-element_type=\"container\" data-e-type=\"container\">\n\t\t\t\t<div class=\"elementor-element elementor-element-d9d908b elementor-widget elementor-widget-heading\" data-id=\"d9d908b\" data-element_type=\"widget\" data-e-type=\"widget\" data-widget_type=\"heading.default\">\n\t\t\t\t<div class=\"elementor-widget-container\">\n\t\t\t\t\t<h2 class=\"elementor-heading-title elementor-size-default\">Arwyn Jones<\/h2>\t\t\t\t<\/div>\n\t\t\t\t<\/div>\n\t\t\t\t<div class=\"elementor-element elementor-element-5384b9a elementor-widget elementor-widget-text-editor\" data-id=\"5384b9a\" data-element_type=\"widget\" data-e-type=\"widget\" data-widget_type=\"text-editor.default\">\n\t\t\t\t<div class=\"elementor-widget-container\">\n\t\t\t\t\t\t\t\t\t<p>Arwyn Jones 1993 \u00f3ta dolgozik az Eur\u00f3pai Bizotts\u00e1g K\u00f6z\u00f6s Kutat\u00f3k\u00f6zpontj\u00e1n\u00e1l (Joint Research Centre), ahol jelenleg a F\u00f6ldi Er\u0151forr\u00e1sok \u00e9s Ell\u00e1t\u00e1si L\u00e1nc \u00c9rt\u00e9kel\u00e9sek Egys\u00e9g helyettes vezet\u0151je. Jelenleg az EU Talajmegfigyel\u0151 K\u00f6zpont (EU Soil Observatory) fejleszt\u00e9s\u00e9t ir\u00e1ny\u00edtja, amely tudom\u00e1nyos t\u00e1mogat\u00e1st ny\u00fajt sz\u00e1mos, a talajjal kapcsolatos uni\u00f3s szakpolitikai ter\u00fclet sz\u00e1m\u00e1ra, t\u00f6bbek k\u00f6z\u00f6tt a Talajmonitoringr\u00f3l sz\u00f3l\u00f3 jogszab\u00e1lyi javaslat kidolgoz\u00e1s\u00e1hoz.<\/p><p>Emellett koordin\u00e1lja a LUCAS Talajmodult, amely az Eur\u00f3pai Uni\u00f3 eg\u00e9sz ter\u00fclet\u00e9n harmoniz\u00e1lt \u00e9rt\u00e9kel\u00e9seket biztos\u00edt a talajjellemz\u0151kr\u0151l. T\u00e1mogatta a Talaj Misszi\u00f3 megtervez\u00e9s\u00e9t \u00e9s kezdeti fejleszt\u00e9s\u00e9t, \u00e9s jelenleg akt\u00edvan seg\u00edti annak megval\u00f3s\u00edt\u00e1s\u00e1t annak \u00e9rdek\u00e9ben, hogy az olyan projektek, mint az ECHO, eredm\u00e9nyei hozz\u00e1j\u00e1ruljanak az uni\u00f3s szakpolitikai ciklushoz. A JRC Talajatlasz sorozat vezet\u0151 szerz\u0151je, tov\u00e1bb\u00e1 felel\u0151se volt a Glob\u00e1lis Talajpartners\u00e9g 2. pill\u00e9r\u00e9nek kidolgoz\u00e1s\u00e1\u00e9rt, amely az oktat\u00e1sra \u00e9s a tudatoss\u00e1g n\u00f6vel\u00e9s\u00e9re \u00f6sszpontos\u00edtott. Doktori (PhD) fokozat\u00e1t a Readingi Egyetemen szerezte, ahol a t\u00e1v\u00e9rz\u00e9kel\u00e9s alkalmaz\u00e1s\u00e1t kutatta a talajok \u00e9s felsz\u00ednform\u00e1k t\u00e9rk\u00e9pez\u00e9s\u00e9re sz\u00e1raz \u00e9s f\u00e9lsz\u00e1raz k\u00f6rnyezetben.<\/p>\t\t\t\t\t\t\t\t<\/div>\n\t\t\t\t<\/div>\n\t\t\t\t<\/div>\n\t\t\t\t<\/div>\n\t\t<div class=\"elementor-element elementor-element-80b6109 e-con-full e-flex e-con e-parent\" data-id=\"80b6109\" data-element_type=\"container\" data-e-type=\"container\" data-settings=\"{&quot;background_background&quot;:&quot;classic&quot;}\">\n\t\t<div class=\"elementor-element elementor-element-5923a75 e-con-full e-flex e-con e-child\" data-id=\"5923a75\" data-element_type=\"container\" data-e-type=\"container\">\n\t\t\t\t<div class=\"elementor-element elementor-element-36aad63 elementor-widget elementor-widget-heading\" data-id=\"36aad63\" data-element_type=\"widget\" data-e-type=\"widget\" data-widget_type=\"heading.default\">\n\t\t\t\t<div class=\"elementor-widget-container\">\n\t\t\t\t\t<h2 class=\"elementor-heading-title elementor-size-default\">Heather McKhann<\/h2>\t\t\t\t<\/div>\n\t\t\t\t<\/div>\n\t\t\t\t<div class=\"elementor-element elementor-element-cca79f4 elementor-widget elementor-widget-text-editor\" data-id=\"cca79f4\" data-element_type=\"widget\" data-e-type=\"widget\" data-widget_type=\"text-editor.default\">\n\t\t\t\t<div class=\"elementor-widget-container\">\n\t\t\t\t\t\t\t\t\t<p class=\"x_MsoNormal\">Dr. Heather McKhann (F) koordin\u00e1lja az Eur\u00f3pai K\u00f6z\u00f6s Programoz\u00e1si Kezdem\u00e9nyez\u00e9st (FACCE-JPI) a mez\u0151gazdas\u00e1g, \u00e9lelmiszerbiztons\u00e1g \u00e9s \u00e9ghajlatv\u00e1ltoz\u00e1s ter\u00fclet\u00e9n.<\/p><p class=\"x_MsoNormal\">Dr. Heather McKhann a Kaliforniai Egyetem, Los Angeles doktori fokozat\u00e1val rendelkezik. Posztdoktori kutat\u00e1sokat v\u00e9gzett Franciaorsz\u00e1gban \u00e9s Hollandi\u00e1ban, majd 1999 \u00e9s 2009 k\u00f6z\u00f6tt a Francia Nemzeti Mez\u0151gazdas\u00e1gi, \u00c9lelmiszeripari \u00e9s K\u00f6rnyezetv\u00e9delmi Int\u00e9zet (INRAE) kutat\u00f3jak\u00e9nt dolgozott, ahol egy projektet vezetett a n\u00f6v\u00e9nyek term\u00e9szetes genetikai vari\u00e1ci\u00f3j\u00e1r\u00f3l. Koordin\u00e1lta a ERA-NET Plant Genomics keret\u00e9ben finansz\u00edrozott h\u00e1romoldal\u00fa projektet. 2009 novembere \u00f3ta az INRAE eur\u00f3pai \u00fcgyekkel foglalkoz\u00f3 tisztvisel\u0151je. Ebben a szerepben a FACCE-JPI koordin\u00e1l\u00e1s\u00e1n t\u00fal r\u00e9szt vett a FACCE ERA-NET Plus koordin\u00e1l\u00e1s\u00e1ban, ir\u00e1ny\u00edtotta az ALL-Ready Koordin\u00e1ci\u00f3s \u00e9s T\u00e1mogat\u00e1si Akci\u00f3t (CSA), amely az eur\u00f3pai agro\u00f6kol\u00f3giai \u00e9l\u0151 laborat\u00f3riumok \u00e9s kutat\u00e1si infrastrukt\u00far\u00e1k partners\u00e9g\u00e9hez k\u00e9sz\u00fclt, \u00e9s t\u00f6bb ERA-NET munkacsomag vezet\u0151je is.<\/p><p class=\"x_MsoNormal\">\u00a0<\/p>\t\t\t\t\t\t\t\t<\/div>\n\t\t\t\t<\/div>\n\t\t\t\t<\/div>\n\t\t\t\t<div class=\"elementor-element elementor-element-757bee8 elementor-widget__width-initial elementor-widget-tablet__width-inherit elementor-widget elementor-widget-image\" data-id=\"757bee8\" data-element_type=\"widget\" data-e-type=\"widget\" data-widget_type=\"image.default\">\n\t\t\t\t<div class=\"elementor-widget-container\">\n\t\t\t\t\t\t\t\t\t\t\t\t\t\t\t<img decoding=\"async\" width=\"2048\" height=\"1365\" src=\"https:\/\/echosoil.eu\/wp-content\/uploads\/2024\/05\/Heather-2048x1365.jpg\" class=\"attachment-2048x2048 size-2048x2048 wp-image-1768\" alt=\"\" srcset=\"https:\/\/echosoil.eu\/wp-content\/uploads\/2024\/05\/Heather-2048x1365.jpg 2048w, https:\/\/echosoil.eu\/wp-content\/uploads\/2024\/05\/Heather-300x200.jpg 300w, https:\/\/echosoil.eu\/wp-content\/uploads\/2024\/05\/Heather-1024x683.jpg 1024w, https:\/\/echosoil.eu\/wp-content\/uploads\/2024\/05\/Heather-768x512.jpg 768w, https:\/\/echosoil.eu\/wp-content\/uploads\/2024\/05\/Heather-1536x1024.jpg 1536w, https:\/\/echosoil.eu\/wp-content\/uploads\/2024\/05\/Heather-18x12.jpg 18w\" sizes=\"(max-width: 2048px) 100vw, 2048px\" \/>\t\t\t\t\t\t\t\t\t\t\t\t\t\t\t<\/div>\n\t\t\t\t<\/div>\n\t\t\t\t<\/div>\n\t\t<div class=\"elementor-element elementor-element-1f4c97b e-con-full e-flex e-con e-parent\" data-id=\"1f4c97b\" data-element_type=\"container\" data-e-type=\"container\" data-settings=\"{&quot;background_background&quot;:&quot;classic&quot;}\">\n\t\t\t\t<div class=\"elementor-element elementor-element-d8a5c1f elementor-widget__width-initial elementor-widget-tablet__width-inherit elementor-widget elementor-widget-image\" data-id=\"d8a5c1f\" data-element_type=\"widget\" data-e-type=\"widget\" data-widget_type=\"image.default\">\n\t\t\t\t<div class=\"elementor-widget-container\">\n\t\t\t\t\t\t\t\t\t\t\t\t\t\t\t<img loading=\"lazy\" decoding=\"async\" width=\"863\" height=\"692\" src=\"https:\/\/echosoil.eu\/wp-content\/uploads\/2024\/05\/AdeleMuscoloPhoto-5.jpg\" class=\"attachment-2048x2048 size-2048x2048 wp-image-1775\" alt=\"\" srcset=\"https:\/\/echosoil.eu\/wp-content\/uploads\/2024\/05\/AdeleMuscoloPhoto-5.jpg 863w, https:\/\/echosoil.eu\/wp-content\/uploads\/2024\/05\/AdeleMuscoloPhoto-5-300x241.jpg 300w, https:\/\/echosoil.eu\/wp-content\/uploads\/2024\/05\/AdeleMuscoloPhoto-5-768x616.jpg 768w, https:\/\/echosoil.eu\/wp-content\/uploads\/2024\/05\/AdeleMuscoloPhoto-5-15x12.jpg 15w\" sizes=\"(max-width: 863px) 100vw, 863px\" \/>\t\t\t\t\t\t\t\t\t\t\t\t\t\t\t<\/div>\n\t\t\t\t<\/div>\n\t\t<div class=\"elementor-element elementor-element-5466f40 e-con-full e-flex e-con e-child\" data-id=\"5466f40\" data-element_type=\"container\" data-e-type=\"container\">\n\t\t\t\t<div class=\"elementor-element elementor-element-6f679e4 elementor-widget elementor-widget-heading\" data-id=\"6f679e4\" data-element_type=\"widget\" data-e-type=\"widget\" data-widget_type=\"heading.default\">\n\t\t\t\t<div class=\"elementor-widget-container\">\n\t\t\t\t\t<h2 class=\"elementor-heading-title elementor-size-default\">Adele Muscolo<\/h2>\t\t\t\t<\/div>\n\t\t\t\t<\/div>\n\t\t\t\t<div class=\"elementor-element elementor-element-4f6464e elementor-widget elementor-widget-text-editor\" data-id=\"4f6464e\" data-element_type=\"widget\" data-e-type=\"widget\" data-widget_type=\"text-editor.default\">\n\t\t\t\t<div class=\"elementor-widget-container\">\n\t\t\t\t\t\t\t\t\t<p>Professor Adele Muscolo egy kiv\u00e1l\u00f3 tud\u00f3s, aki a talajterm\u00e9kenys\u00e9g, a talaj \u00e9s n\u00f6v\u00e9nyek min\u0151s\u00e9ge ter\u00fclet\u00e9n specializ\u00e1l\u00f3dott.<\/p><p>Professor Adele Muscolo a Biol\u00f3giai Tudom\u00e1nyok szakon szerzett diplom\u00e1t a Messinai Egyetemen, Olaszorsz\u00e1gban, majd Ph.D. fokozat\u00e1t \u00c9lelmiszertudom\u00e1ny ter\u00fclet\u00e9n a Napoli Egyetemen, Olaszorsz\u00e1gban. Szakmai p\u00e1lyafut\u00e1s\u00e1t kutat\u00f3k\u00e9nt kezdte a \u201eMediterranea\u201d Egyetemen, Reggio Calabri\u00e1ban, ahol jelenleg teljes professzor a talajk\u00e9mia \u00e9s \u00f6kol\u00f3gia ter\u00fclet\u00e9n. Prof. Muscolo kutat\u00e1sai a talaj, n\u00f6v\u00e9nyek \u00e9s a term\u00e9nyek min\u0151s\u00e9ge k\u00f6z\u00f6tti \u00f6sszetett kapcsolatok felt\u00e1r\u00e1s\u00e1ra \u00f6sszpontos\u00edtanak, az agroipari hullad\u00e9kok felhaszn\u00e1l\u00e1s\u00e1ra m\u0171tr\u00e1gy\u00e1k el\u0151\u00e1ll\u00edt\u00e1s\u00e1hoz, a talaj \u00e9s term\u00e9nymin\u0151s\u00e9g jav\u00edt\u00e1sa \u00e9rdek\u00e9ben, valamint a mez\u0151gazdas\u00e1gi hullad\u00e9kok gy\u00f3gyszer\u00e9szeti c\u00e9l\u00fa felhaszn\u00e1l\u00e1s\u00e1ra. Kutat\u00e1si c\u00e9lja, hogy innovat\u00edv, \u00f6kosziszt\u00e9m\u00e1t t\u00e1mogat\u00f3 megold\u00e1sokat k\u00edn\u00e1ljon a k\u00f6rk\u00f6r\u00f6s gazdas\u00e1g szemsz\u00f6g\u00e9b\u0151l. Kutat\u00e1si eredm\u00e9nyeit a tudom\u00e1nyos k\u00f6z\u00f6ss\u00e9g \u00e9s az ipar\u00e1g is sz\u00e9les k\u00f6rben terjeszti. Professor Muscolo az Associate Editor poz\u00edci\u00f3t t\u00f6lti be a Journal of Forestry Research, Phyton \u00e9s Forests foly\u00f3iratokn\u00e1l. Emellett kutat\u00e1si projekteket \u00e9rt\u00e9kel az Eur\u00f3pai K\u00f6z\u00f6ss\u00e9g, Nemzetk\u00f6zi Finansz\u00edroz\u00e1si Kutat\u00f3 \u00dcgyn\u00f6ks\u00e9gek, valamint olasz \u00e9s k\u00fclf\u00f6ldi kutat\u00e1si miniszt\u00e9riumok sz\u00e1m\u00e1ra.<\/p><p>T\u00f6bb mint 200, nemzetk\u00f6zi foly\u00f3iratokban publik\u00e1lt Impact Factorral rendelkez\u0151 cikk\u00e9vel, Prof. Muscolo jelent\u0151s hozz\u00e1j\u00e1rul\u00e1sokat tett a saj\u00e1t ter\u00fclet\u00e9n. Kiv\u00e1l\u00f3 munk\u00e1j\u00e1t elismerve, Prof. Muscol\u00f3t a \u201eVil\u00e1g legjobb 2%-os tud\u00f3sai\u201d k\u00f6z\u00f6tt ismert\u00e9k el a 2020, 2021, 2022 \u00e9s 2023 \u00e9vekre. Prof. Muscol\u00f3t a FAO Glob\u00e1lis Talajpartners\u00e9g keret\u00e9ben m\u0171k\u00f6d\u0151 Korm\u00e1nyk\u00f6zi Technikai Talajtudom\u00e1nyi Panel (ITPS) tagj\u00e1v\u00e1 nevezt\u00e9k ki a 2022-2025 id\u0151szakra.<\/p>\t\t\t\t\t\t\t\t<\/div>\n\t\t\t\t<\/div>\n\t\t\t\t<\/div>\n\t\t\t\t<\/div>\n\t\t<div class=\"elementor-element elementor-element-5f2df61 e-con-full e-flex e-con e-parent\" data-id=\"5f2df61\" data-element_type=\"container\" data-e-type=\"container\" data-settings=\"{&quot;background_background&quot;:&quot;classic&quot;}\">\n\t\t<div class=\"elementor-element elementor-element-c6550a3 e-con-full e-flex e-con e-child\" data-id=\"c6550a3\" data-element_type=\"container\" data-e-type=\"container\">\n\t\t\t\t<div class=\"elementor-element elementor-element-c9d858a elementor-widget elementor-widget-heading\" data-id=\"c9d858a\" data-element_type=\"widget\" data-e-type=\"widget\" data-widget_type=\"heading.default\">\n\t\t\t\t<div class=\"elementor-widget-container\">\n\t\t\t\t\t<h2 class=\"elementor-heading-title elementor-size-default\">Kaija Saramaki<\/h2>\t\t\t\t<\/div>\n\t\t\t\t<\/div>\n\t\t\t\t<div class=\"elementor-element elementor-element-59f776a elementor-widget elementor-widget-text-editor\" data-id=\"59f776a\" data-element_type=\"widget\" data-e-type=\"widget\" data-widget_type=\"text-editor.default\">\n\t\t\t\t<div class=\"elementor-widget-container\">\n\t\t\t\t\t\t\t\t\t<p>Kaija rendelkezik M.Sc. k\u00f6rnyezeti erd\u00e9szeti diplom\u00e1val, B.Sc. erd\u00e9szeti term\u00e9kek marketingje szakon szerzett diplom\u00e1val, valamint szakmai tan\u00e1ri k\u00e9pes\u00edt\u00e9ssel.<\/p><p>\u0150 koordin\u00e1lja az ENO h\u00e1l\u00f3zatot \u00e9s a k\u00f6z\u00f6ss\u00e9gi bevon\u00f3d\u00e1st, fejleszt\u00e9si egy\u00fcttm\u0171k\u00f6d\u00e9si \u00e9s fenntarthat\u00f3 fejl\u0151d\u00e9si projekteket, valamint facilit\u00e1tork\u00e9nt tev\u00e9kenykedik ifj\u00fas\u00e1gi programokban. PhD-hallgat\u00f3 alkalmazott oktat\u00e1s ter\u00fclet\u00e9n, \u00e9rdekl\u0151d\u00e9se a ko-kre\u00e1ci\u00f3, hat\u00e1rokon \u00e1tny\u00fal\u00f3 tud\u00e1salkot\u00e1s, multidiszciplin\u00e1ris tanul\u00e1s \u00e9s a 21. sz\u00e1zadi k\u00e9szs\u00e9gek ir\u00e1nt.<\/p><p>K\u00f6rnyezetv\u00e9delmi \u00e9s fenntarthat\u00f3 fejl\u0151d\u00e9ssel kapcsolatos t\u00e9m\u00e1kon dolgozik mind a kutat\u00e1s, mind az oktat\u00e1s ter\u00fclet\u00e9n. \u0150 az ENO Schoolnet Association igazgat\u00f3s\u00e1g\u00e1nak eln\u00f6ke.\u00a0<\/p>\t\t\t\t\t\t\t\t<\/div>\n\t\t\t\t<\/div>\n\t\t\t\t<\/div>\n\t\t\t\t<div class=\"elementor-element elementor-element-96ef000 elementor-widget__width-initial elementor-widget-tablet__width-inherit elementor-widget elementor-widget-image\" data-id=\"96ef000\" data-element_type=\"widget\" data-e-type=\"widget\" data-widget_type=\"image.default\">\n\t\t\t\t<div class=\"elementor-widget-container\">\n\t\t\t\t\t\t\t\t\t\t\t\t\t\t\t<img loading=\"lazy\" decoding=\"async\" width=\"1335\" height=\"1086\" src=\"https:\/\/echosoil.eu\/wp-content\/uploads\/2024\/05\/Kaija-Saramaki-1.jpg\" class=\"attachment-2048x2048 size-2048x2048 wp-image-1766\" alt=\"\" srcset=\"https:\/\/echosoil.eu\/wp-content\/uploads\/2024\/05\/Kaija-Saramaki-1.jpg 1335w, https:\/\/echosoil.eu\/wp-content\/uploads\/2024\/05\/Kaija-Saramaki-1-300x244.jpg 300w, https:\/\/echosoil.eu\/wp-content\/uploads\/2024\/05\/Kaija-Saramaki-1-1024x833.jpg 1024w, https:\/\/echosoil.eu\/wp-content\/uploads\/2024\/05\/Kaija-Saramaki-1-768x625.jpg 768w, https:\/\/echosoil.eu\/wp-content\/uploads\/2024\/05\/Kaija-Saramaki-1-15x12.jpg 15w\" sizes=\"(max-width: 1335px) 100vw, 1335px\" \/>\t\t\t\t\t\t\t\t\t\t\t\t\t\t\t<\/div>\n\t\t\t\t<\/div>\n\t\t\t\t<\/div>\n\t\t<div class=\"elementor-element elementor-element-0a64d2a e-grid e-con-boxed e-con e-parent\" data-id=\"0a64d2a\" data-element_type=\"container\" data-e-type=\"container\">\n\t\t\t\t\t<div class=\"e-con-inner\">\n\t\t\t\t<div class=\"elementor-element elementor-element-d95c218 elementor-widget elementor-widget-heading\" data-id=\"d95c218\" data-element_type=\"widget\" data-e-type=\"widget\" data-widget_type=\"heading.default\">\n\t\t\t\t<div class=\"elementor-widget-container\">\n\t\t\t\t\t<h2 class=\"elementor-heading-title elementor-size-default\">Ma \u00d6n is csatlakozhat az ECHO-hoz.<\/h2>\t\t\t\t<\/div>\n\t\t\t\t<\/div>\n\t\t\t\t<div class=\"elementor-element elementor-element-b40e83a elementor-widget elementor-widget-text-editor\" data-id=\"b40e83a\" data-element_type=\"widget\" data-e-type=\"widget\" data-widget_type=\"text-editor.default\">\n\t\t\t\t<div class=\"elementor-widget-container\">\n\t\t\t\t\t\t\t\t\t<p>V\u00e1laszoljon ny\u00edlt felh\u00edv\u00e1sunkra a r\u00e9szv\u00e9telre.<\/p>\t\t\t\t\t\t\t\t<\/div>\n\t\t\t\t<\/div>\n\t\t\t\t<div class=\"elementor-element elementor-element-c250c74 elementor-widget elementor-widget-button\" data-id=\"c250c74\" data-element_type=\"widget\" data-e-type=\"widget\" data-widget_type=\"button.default\">\n\t\t\t\t<div class=\"elementor-widget-container\">\n\t\t\t\t\t\t\t\t\t<div class=\"elementor-button-wrapper\">\n\t\t\t\t\t<a class=\"elementor-button elementor-button-link elementor-size-sm\" href=\"https:\/\/echosoil.eu\/hu\/become-an-echo-ambassador\/\">\n\t\t\t\t\t\t<span class=\"elementor-button-content-wrapper\">\n\t\t\t\t\t\t\t\t\t<span class=\"elementor-button-text\">Tudjon meg t\u00f6bbet<\/span>\n\t\t\t\t\t<\/span>\n\t\t\t\t\t<\/a>\n\t\t\t\t<\/div>\n\t\t\t\t\t\t\t\t<\/div>\n\t\t\t\t<\/div>\n\t\t\t\t\t<\/div>\n\t\t\t\t<\/div>\n\t\t\t\t<\/div>","protected":false},"excerpt":{"rendered":"<p>Advisory Board Meet the Soil Health Advisory Board. Meike Hollnaicher Meike Hollnaicher is an eco-social designer (MA) who grew up on a small farm. She initially worked in the field of communication and design for public institutions and various brands before returning to her roots and now focuses on the potential of agriculture in the [&hellip;]<\/p>","protected":false},"author":2,"featured_media":0,"parent":0,"menu_order":0,"comment_status":"closed","ping_status":"closed","template":"elementor_header_footer","meta":{"footnotes":""},"class_list":["post-1744","page","type-page","status-publish","hentry"],"yoast_head":"<!-- This site is optimized with the Yoast SEO plugin v27.3 - https:\/\/yoast.com\/product\/yoast-seo-wordpress\/ -->\n<title>Advisory Board - EchoSoil<\/title>\n<meta name=\"robots\" content=\"index, follow, max-snippet:-1, max-image-preview:large, max-video-preview:-1\" \/>\n<link rel=\"canonical\" href=\"https:\/\/echosoil.eu\/hu\/advisory-board\" \/>\n<meta property=\"og:locale\" content=\"hu_HU\" \/>\n<meta property=\"og:type\" content=\"article\" \/>\n<meta property=\"og:title\" content=\"Advisory Board - EchoSoil\" \/>\n<meta property=\"og:description\" content=\"Advisory Board Meet the Soil Health Advisory Board. Meike Hollnaicher Meike Hollnaicher is an eco-social designer (MA) who grew up on a small farm. She initially worked in the field of communication and design for public institutions and various brands before returning to her roots and now focuses on the potential of agriculture in the [&hellip;]\" \/>\n<meta property=\"og:url\" content=\"https:\/\/echosoil.eu\/hu\/advisory-board\" \/>\n<meta property=\"og:site_name\" content=\"EchoSoil\" \/>\n<meta property=\"article:publisher\" content=\"https:\/\/www.facebook.com\/profile.php?id=61550606275193\" \/>\n<meta property=\"article:modified_time\" content=\"2024-05-17T11:22:54+00:00\" \/>\n<meta property=\"og:image\" content=\"http:\/\/echosoil.eu\/wp-content\/uploads\/2024\/05\/Meike-Hollnaicher.jpeg\" \/>\n<meta name=\"twitter:card\" content=\"summary_large_image\" \/>\n<meta name=\"twitter:label1\" content=\"Becs\u00fclt olvas\u00e1si id\u0151\" \/>\n\t<meta name=\"twitter:data1\" content=\"6 perc\" \/>\n<script type=\"application\/ld+json\" class=\"yoast-schema-graph\">{\"@context\":\"https:\\\/\\\/schema.org\",\"@graph\":[{\"@type\":\"WebPage\",\"@id\":\"https:\\\/\\\/echosoil.eu\\\/advisory-board\",\"url\":\"https:\\\/\\\/echosoil.eu\\\/advisory-board\",\"name\":\"Advisory Board - EchoSoil\",\"isPartOf\":{\"@id\":\"https:\\\/\\\/echosoil.eu\\\/#website\"},\"primaryImageOfPage\":{\"@id\":\"https:\\\/\\\/echosoil.eu\\\/advisory-board#primaryimage\"},\"image\":{\"@id\":\"https:\\\/\\\/echosoil.eu\\\/advisory-board#primaryimage\"},\"thumbnailUrl\":\"http:\\\/\\\/echosoil.eu\\\/wp-content\\\/uploads\\\/2024\\\/05\\\/Meike-Hollnaicher.jpeg\",\"datePublished\":\"2024-05-16T15:06:11+00:00\",\"dateModified\":\"2024-05-17T11:22:54+00:00\",\"breadcrumb\":{\"@id\":\"https:\\\/\\\/echosoil.eu\\\/advisory-board#breadcrumb\"},\"inLanguage\":\"hu\",\"potentialAction\":[{\"@type\":\"ReadAction\",\"target\":[\"https:\\\/\\\/echosoil.eu\\\/advisory-board\"]}]},{\"@type\":\"ImageObject\",\"inLanguage\":\"hu\",\"@id\":\"https:\\\/\\\/echosoil.eu\\\/advisory-board#primaryimage\",\"url\":\"http:\\\/\\\/echosoil.eu\\\/wp-content\\\/uploads\\\/2024\\\/05\\\/Meike-Hollnaicher.jpeg\",\"contentUrl\":\"http:\\\/\\\/echosoil.eu\\\/wp-content\\\/uploads\\\/2024\\\/05\\\/Meike-Hollnaicher.jpeg\"},{\"@type\":\"BreadcrumbList\",\"@id\":\"https:\\\/\\\/echosoil.eu\\\/advisory-board#breadcrumb\",\"itemListElement\":[{\"@type\":\"ListItem\",\"position\":1,\"name\":\"Strona g\u0142\u00f3wna\",\"item\":\"https:\\\/\\\/echosoil.eu\\\/\"},{\"@type\":\"ListItem\",\"position\":2,\"name\":\"Advisory Board\"}]},{\"@type\":\"WebSite\",\"@id\":\"https:\\\/\\\/echosoil.eu\\\/#website\",\"url\":\"https:\\\/\\\/echosoil.eu\\\/\",\"name\":\"EchoSoil\",\"description\":\"Engaging citizens in soil science\",\"publisher\":{\"@id\":\"https:\\\/\\\/echosoil.eu\\\/#organization\"},\"potentialAction\":[{\"@type\":\"SearchAction\",\"target\":{\"@type\":\"EntryPoint\",\"urlTemplate\":\"https:\\\/\\\/echosoil.eu\\\/?s={search_term_string}\"},\"query-input\":{\"@type\":\"PropertyValueSpecification\",\"valueRequired\":true,\"valueName\":\"search_term_string\"}}],\"inLanguage\":\"hu\"},{\"@type\":\"Organization\",\"@id\":\"https:\\\/\\\/echosoil.eu\\\/#organization\",\"name\":\"Echo Horizon\",\"url\":\"https:\\\/\\\/echosoil.eu\\\/\",\"logo\":{\"@type\":\"ImageObject\",\"inLanguage\":\"hu\",\"@id\":\"https:\\\/\\\/echosoil.eu\\\/#\\\/schema\\\/logo\\\/image\\\/\",\"url\":\"https:\\\/\\\/echosoil.eu\\\/wp-content\\\/uploads\\\/2023\\\/07\\\/echoLOGO.png\",\"contentUrl\":\"https:\\\/\\\/echosoil.eu\\\/wp-content\\\/uploads\\\/2023\\\/07\\\/echoLOGO.png\",\"width\":306,\"height\":238,\"caption\":\"Echo Horizon\"},\"image\":{\"@id\":\"https:\\\/\\\/echosoil.eu\\\/#\\\/schema\\\/logo\\\/image\\\/\"},\"sameAs\":[\"https:\\\/\\\/www.facebook.com\\\/profile.php?id=61550606275193\"]}]}<\/script>\n<!-- \/ Yoast SEO plugin. -->","yoast_head_json":{"title":"Advisory Board - EchoSoil","robots":{"index":"index","follow":"follow","max-snippet":"max-snippet:-1","max-image-preview":"max-image-preview:large","max-video-preview":"max-video-preview:-1"},"canonical":"https:\/\/echosoil.eu\/hu\/advisory-board","og_locale":"hu_HU","og_type":"article","og_title":"Advisory Board - EchoSoil","og_description":"Advisory Board Meet the Soil Health Advisory Board. Meike Hollnaicher Meike Hollnaicher is an eco-social designer (MA) who grew up on a small farm. She initially worked in the field of communication and design for public institutions and various brands before returning to her roots and now focuses on the potential of agriculture in the [&hellip;]","og_url":"https:\/\/echosoil.eu\/hu\/advisory-board","og_site_name":"EchoSoil","article_publisher":"https:\/\/www.facebook.com\/profile.php?id=61550606275193","article_modified_time":"2024-05-17T11:22:54+00:00","og_image":[{"url":"http:\/\/echosoil.eu\/wp-content\/uploads\/2024\/05\/Meike-Hollnaicher.jpeg","type":"","width":"","height":""}],"twitter_card":"summary_large_image","twitter_misc":{"Becs\u00fclt olvas\u00e1si id\u0151":"6 perc"},"schema":{"@context":"https:\/\/schema.org","@graph":[{"@type":"WebPage","@id":"https:\/\/echosoil.eu\/advisory-board","url":"https:\/\/echosoil.eu\/advisory-board","name":"Advisory Board - EchoSoil","isPartOf":{"@id":"https:\/\/echosoil.eu\/#website"},"primaryImageOfPage":{"@id":"https:\/\/echosoil.eu\/advisory-board#primaryimage"},"image":{"@id":"https:\/\/echosoil.eu\/advisory-board#primaryimage"},"thumbnailUrl":"http:\/\/echosoil.eu\/wp-content\/uploads\/2024\/05\/Meike-Hollnaicher.jpeg","datePublished":"2024-05-16T15:06:11+00:00","dateModified":"2024-05-17T11:22:54+00:00","breadcrumb":{"@id":"https:\/\/echosoil.eu\/advisory-board#breadcrumb"},"inLanguage":"hu","potentialAction":[{"@type":"ReadAction","target":["https:\/\/echosoil.eu\/advisory-board"]}]},{"@type":"ImageObject","inLanguage":"hu","@id":"https:\/\/echosoil.eu\/advisory-board#primaryimage","url":"http:\/\/echosoil.eu\/wp-content\/uploads\/2024\/05\/Meike-Hollnaicher.jpeg","contentUrl":"http:\/\/echosoil.eu\/wp-content\/uploads\/2024\/05\/Meike-Hollnaicher.jpeg"},{"@type":"BreadcrumbList","@id":"https:\/\/echosoil.eu\/advisory-board#breadcrumb","itemListElement":[{"@type":"ListItem","position":1,"name":"Strona g\u0142\u00f3wna","item":"https:\/\/echosoil.eu\/"},{"@type":"ListItem","position":2,"name":"Advisory Board"}]},{"@type":"WebSite","@id":"https:\/\/echosoil.eu\/#website","url":"https:\/\/echosoil.eu\/","name":"EchoSoil","description":"Engaging citizens in soil science","publisher":{"@id":"https:\/\/echosoil.eu\/#organization"},"potentialAction":[{"@type":"SearchAction","target":{"@type":"EntryPoint","urlTemplate":"https:\/\/echosoil.eu\/?s={search_term_string}"},"query-input":{"@type":"PropertyValueSpecification","valueRequired":true,"valueName":"search_term_string"}}],"inLanguage":"hu"},{"@type":"Organization","@id":"https:\/\/echosoil.eu\/#organization","name":"Echo Horizon","url":"https:\/\/echosoil.eu\/","logo":{"@type":"ImageObject","inLanguage":"hu","@id":"https:\/\/echosoil.eu\/#\/schema\/logo\/image\/","url":"https:\/\/echosoil.eu\/wp-content\/uploads\/2023\/07\/echoLOGO.png","contentUrl":"https:\/\/echosoil.eu\/wp-content\/uploads\/2023\/07\/echoLOGO.png","width":306,"height":238,"caption":"Echo Horizon"},"image":{"@id":"https:\/\/echosoil.eu\/#\/schema\/logo\/image\/"},"sameAs":["https:\/\/www.facebook.com\/profile.php?id=61550606275193"]}]}},"_links":{"self":[{"href":"https:\/\/echosoil.eu\/hu\/wp-json\/wp\/v2\/pages\/1744","targetHints":{"allow":["GET"]}}],"collection":[{"href":"https:\/\/echosoil.eu\/hu\/wp-json\/wp\/v2\/pages"}],"about":[{"href":"https:\/\/echosoil.eu\/hu\/wp-json\/wp\/v2\/types\/page"}],"author":[{"embeddable":true,"href":"https:\/\/echosoil.eu\/hu\/wp-json\/wp\/v2\/users\/2"}],"replies":[{"embeddable":true,"href":"https:\/\/echosoil.eu\/hu\/wp-json\/wp\/v2\/comments?post=1744"}],"version-history":[{"count":25,"href":"https:\/\/echosoil.eu\/hu\/wp-json\/wp\/v2\/pages\/1744\/revisions"}],"predecessor-version":[{"id":1784,"href":"https:\/\/echosoil.eu\/hu\/wp-json\/wp\/v2\/pages\/1744\/revisions\/1784"}],"wp:attachment":[{"href":"https:\/\/echosoil.eu\/hu\/wp-json\/wp\/v2\/media?parent=1744"}],"curies":[{"name":"wp","href":"https:\/\/api.w.org\/{rel}","templated":true}]}}